{"id":9545,"date":"2025-08-15T10:34:27","date_gmt":"2025-08-15T09:34:27","guid":{"rendered":"https:\/\/sei.gov.cz\/?page_id=9545"},"modified":"2025-08-15T12:14:01","modified_gmt":"2025-08-15T11:14:01","slug":"energeticky-stitek","status":"publish","type":"page","link":"https:\/\/sei.gov.cz\/?page_id=9545","title":{"rendered":"Energetick\u00fd \u0161t\u00edtek"},"content":{"rendered":"\n<p><strong>Energetick\u00fd \u0161t\u00edtek<\/strong><\/p>\n\n\n\n<p>Energetick\u00fdm \u0161t\u00edtkem se ozna\u010duj\u00ed vybran\u00e9 spot\u0159ebi\u010de, kter\u00e9 spot\u0159ebov\u00e1vaj\u00ed elektrickou energii. Skupina spot\u0159ebi\u010d\u016f podl\u00e9haj\u00edc\u00edch energetick\u00e9mu \u0161t\u00edtkov\u00e1n\u00ed se st\u00e1le rozr\u016fst\u00e1. Povinn\u00e9 spot\u0159ebi\u010de ur\u010duje evropsk\u00e1 Komise podle toho, jak v\u00fdznamnou spot\u0159ebu a tedy dopad do \u017eivotn\u00edho prost\u0159ed\u00ed maj\u00ed. Ka\u017ed\u00fd elektrick\u00fd spot\u0159ebi\u010d spot\u0159ebov\u00e1v\u00e1 na sv\u016fj provoz jin\u00e9 mno\u017estv\u00ed elekt\u0159iny a pr\u00e1v\u011b tento \u00fadaj je ten nejz\u00e1sadn\u011bj\u0161\u00ed, kter\u00fd se d\u00e1 vy\u010d\u00edst z&nbsp;en. \u0161t\u00edtku. Podle tohoto \u00fadaje ze \u0161t\u00edtku se pak snadno daj\u00ed spo\u010d\u00edtat n\u00e1klady na provoz vybran\u00e9ho spot\u0159ebi\u010de po dobu jeho \u017eivotnosti. I p\u0159esto, \u017ee v\u011bt\u0161ina obyvatel si provozn\u00ed n\u00e1klady p\u0159i v\u00fdb\u011bru spot\u0159ebi\u010de nepo\u010d\u00edt\u00e1, ji\u017e samotn\u00e9 zat\u0159\u00edd\u011bn\u00ed spot\u0159ebi\u010de na tzv. stupnici \u00faspornosti A \u2013 G slou\u017e\u00ed k&nbsp;porovn\u00e1n\u00ed spot\u0159ebi\u010d\u016f v&nbsp;r\u00e1mci sv\u00e9 produktov\u00e9 skupiny mezi sebou, p\u0159i\u010dem\u017e A je nej\u00fasporn\u011bj\u0161\u00ed. Krom\u011b \u00fadaje o spot\u0159eb\u011b elekt\u0159iny za rok, nap\u0159. u sv\u011bteln\u00fdch zdroj\u016f tedy \u017e\u00e1rovek se pou\u017e\u00edv\u00e1 spot\u0159eba energie za 1000 hodin provozu, co\u017e odpov\u00edd\u00e1 pr\u016fm\u011brn\u011b ro\u010dn\u00edmu sv\u00edcen\u00ed, lze na \u0161t\u00edtku nal\u00e9zt dal\u0161\u00ed \u00fadaje. Tyto \u00fadaje se li\u0161\u00ed podle typu spot\u0159ebi\u010de, nap\u0159. u pra\u010dek se ze \u0161t\u00edtku d\u00e1 vy\u010d\u00edst d\u00e1le hlu\u010dnost provozu pra\u010dky nebo jej\u00ed spot\u0159eba vody za rok, u vysava\u010d\u016f t\u0159eba \u00fa\u010dinnost \u010di\u0161t\u011bn\u00ed koberc\u016f a tvrd\u00e9 podlahy nebo jeho emise prachu.<\/p>\n\n\n\n<p>Po v\u00edce jak 20 letech regulace byly od 1. b\u0159ezna 2021 zavedeny nov\u00e9, p\u0159ehledn\u011bj\u0161\u00ed energetick\u00e9 \u0161t\u00edtky pro dom\u00e1c\u00ed spot\u0159ebi\u010de v cel\u00e9 EU, v\u010detn\u011b \u010cesk\u00e9 republiky. Hlavn\u00ed zm\u011bnou je n\u00e1vrat k jednodu\u0161\u0161\u00ed stupnici od A do G, kter\u00e1 nahradila star\u00e9 t\u0159\u00eddy A+, A++ a A+++. Tato zm\u011bna m\u00e1 za c\u00edl zlep\u0161it p\u0159ehlednost a usnadnit spot\u0159ebitel\u016fm snadn\u011bj\u0161\u00ed v\u00fdb\u011br \u00fasporn\u011bj\u0161\u00edch spot\u0159ebi\u010d\u016f.<\/p>\n\n\n\n<p>Nov\u00e9 \u0161t\u00edtky se na za\u010d\u00e1tku t\u00fdkaly pouze n\u011bkolika kategori\u00ed spot\u0159ebi\u010d\u016f, v\u010detn\u011b my\u010dek n\u00e1dob\u00ed, chladni\u010dek, mrazni\u010dek, pra\u010dek, su\u0161i\u010dek, televizor\u016f a sv\u00edtidel. Postupn\u011b v\u0161ak doch\u00e1z\u00ed k&nbsp;tzv. \u201ep\u0159e\u0161t\u00edtkov\u00e1n\u00ed\u201c u v\u0161ech produktov\u00fdch skupin.<\/p>\n\n\n\n<h2 class=\"wp-block-heading\">Aktuality<\/h2>\n\n\n\n<div class=\"wp-block-query is-layout-flow wp-block-query-is-layout-flow\"><ul class=\"wp-block-post-template is-layout-flow wp-block-post-template-is-layout-flow\"><li class=\"wp-block-post post-9963 post type-post status-publish format-standard has-post-thumbnail hentry category-aktuality category-ekodesign tag-uvodni-stranka latest_post\">\n\n<div class=\"wp-block-columns alignwide is-layout-flex wp-container-core-columns-is-layout-9d6595d7 wp-block-columns-is-layout-flex\">\n<div class=\"wp-block-column is-layout-flow wp-block-column-is-layout-flow\" style=\"flex-basis:20%\"><figure class=\"wp-block-post-featured-image\"><a href=\"https:\/\/sei.gov.cz\/?p=9963\" target=\"_self\"  ><img loading=\"lazy\" decoding=\"async\" width=\"120\" height=\"114\" src=\"https:\/\/sei.gov.cz\/wp-content\/uploads\/Doc-Search.svg\" class=\"attachment-post-thumbnail size-post-thumbnail wp-post-image\" alt=\"Nov\u00e9 energetick\u00e9 \u0161t\u00edtky pro chytr\u00e9 telefony a tablety\" style=\"object-fit:cover;\" \/><\/a><\/figure><\/div>\n\n\n\n<div class=\"wp-block-column is-layout-flow wp-block-column-is-layout-flow\" style=\"flex-basis:80%\"><h2 class=\"wp-block-post-title\"><a href=\"https:\/\/sei.gov.cz\/?p=9963\" target=\"_self\" >Nov\u00e9 energetick\u00e9 \u0161t\u00edtky pro chytr\u00e9 telefony a tablety<\/a><\/h2>\n\n<div class=\"wp-block-post-date\"><time datetime=\"2026-03-11T14:14:59+01:00\">11. b\u0159ezna 2026<\/time><\/div>\n\n<div class=\"wp-block-post-excerpt\"><p class=\"wp-block-post-excerpt__excerpt\">Nov\u00fd energetick\u00fd \u0161t\u00edtek pro chytr\u00e9 telefony a tablety poskytuje cenn\u00e9 informace, v\u010detn\u011b \u017eivotnosti baterie, odolnosti proti po\u0161kozen\u00ed a opravitelnosti. <\/p><\/div><\/div>\n<\/div>\n\n<\/li><li class=\"wp-block-post post-9124 post type-post status-publish format-standard has-post-thumbnail hentry category-aktuality category-ekodesign tag-uvodni-stranka latest_post\">\n\n<div class=\"wp-block-columns alignwide is-layout-flex wp-container-core-columns-is-layout-9d6595d7 wp-block-columns-is-layout-flex\">\n<div class=\"wp-block-column is-layout-flow wp-block-column-is-layout-flow\" style=\"flex-basis:20%\"><figure class=\"wp-block-post-featured-image\"><a href=\"https:\/\/sei.gov.cz\/?p=9124\" target=\"_self\"  ><img loading=\"lazy\" decoding=\"async\" width=\"120\" height=\"114\" src=\"https:\/\/sei.gov.cz\/wp-content\/uploads\/Doc-Search.svg\" class=\"attachment-post-thumbnail size-post-thumbnail wp-post-image\" alt=\"Nov\u00e9 energetick\u00e9 \u0161t\u00edtky pro mobily a tablety\" style=\"object-fit:cover;\" \/><\/a><\/figure><\/div>\n\n\n\n<div class=\"wp-block-column is-layout-flow wp-block-column-is-layout-flow\" style=\"flex-basis:80%\"><h2 class=\"wp-block-post-title\"><a href=\"https:\/\/sei.gov.cz\/?p=9124\" target=\"_self\" >Nov\u00e9 energetick\u00e9 \u0161t\u00edtky pro mobily a tablety<\/a><\/h2>\n\n<div class=\"wp-block-post-date\"><time datetime=\"2025-06-11T09:13:18+01:00\">11. \u010dervna 2025<\/time><\/div>\n\n<div class=\"wp-block-post-excerpt\"><p class=\"wp-block-post-excerpt__excerpt\">Od 20. \u010dervna 2025 budou muset chytr\u00e9 telefony a tablety typu slate spl\u0148ovat po\u017eadavky nov\u00e9ho na\u0159\u00edzen\u00ed o ozna\u010dov\u00e1n\u00ed energetick\u00fdmi \u0161t\u00edtky (EU) 2023\/1669. Energetick\u00fd \u0161t\u00edtek poskytuje z\u00e1kazn\u00edk\u016fm nov\u00e9 \u00fadaje o chytr\u00fdch telefonech a po\u010d\u00edta\u010d\u00edch typu slate, jako je v\u00fddr\u017e baterie, po\u010det cykl\u016f nabit\u00ed b\u011bhem celkov\u00e9 \u017eivotnosti baterie a informace o tom, jak snadn\u00e1 je oprava v\u00fdrobku. <\/p><\/div><\/div>\n<\/div>\n\n<\/li><li class=\"wp-block-post post-8969 post type-post status-publish format-standard has-post-thumbnail hentry category-aktuality category-ekodesign tag-uvodni-stranka latest_post\">\n\n<div class=\"wp-block-columns alignwide is-layout-flex wp-container-core-columns-is-layout-9d6595d7 wp-block-columns-is-layout-flex\">\n<div class=\"wp-block-column is-layout-flow wp-block-column-is-layout-flow\" style=\"flex-basis:20%\"><figure class=\"wp-block-post-featured-image\"><a href=\"https:\/\/sei.gov.cz\/?p=8969\" target=\"_self\"  ><img loading=\"lazy\" decoding=\"async\" width=\"120\" height=\"114\" src=\"https:\/\/sei.gov.cz\/wp-content\/uploads\/Doc-Search.svg\" class=\"attachment-post-thumbnail size-post-thumbnail wp-post-image\" alt=\"EEPLIANT4 \u2013 start nov\u00e9ho spole\u010dn\u00e9ho projektu EU\" style=\"object-fit:cover;\" \/><\/a><\/figure><\/div>\n\n\n\n<div class=\"wp-block-column is-layout-flow wp-block-column-is-layout-flow\" style=\"flex-basis:80%\"><h2 class=\"wp-block-post-title\"><a href=\"https:\/\/sei.gov.cz\/?p=8969\" target=\"_self\" >EEPLIANT4 \u2013 start nov\u00e9ho spole\u010dn\u00e9ho projektu EU<\/a><\/h2>\n\n<div class=\"wp-block-post-date\"><time datetime=\"2025-03-24T14:19:13+01:00\">24. b\u0159ezna 2025<\/time><\/div>\n\n<div class=\"wp-block-post-excerpt\"><p class=\"wp-block-post-excerpt__excerpt\">Dne 15. ledna 2025 ofici\u00e1ln\u011b zah\u00e1jil \u010dinnost dal\u0161\u00ed projekt spole\u010dn\u00fdch aktivit org\u00e1n\u016f dohledu nad trhem v oblasti ekodesignu a energetick\u00e9ho \u0161t\u00edtkov\u00e1n\u00ed EEPLIANT 4. Tento projekt je financovan\u00fd EU. <\/p><\/div><\/div>\n<\/div>\n\n<\/li><li class=\"wp-block-post post-9042 post type-post status-publish format-standard has-post-thumbnail hentry category-archiv-uredni_deska category-ekodesign latest_post\">\n\n<div class=\"wp-block-columns alignwide is-layout-flex wp-container-core-columns-is-layout-9d6595d7 wp-block-columns-is-layout-flex\">\n<div class=\"wp-block-column is-layout-flow wp-block-column-is-layout-flow\" style=\"flex-basis:20%\"><figure class=\"wp-block-post-featured-image\"><a href=\"https:\/\/sei.gov.cz\/?p=9042\" target=\"_self\"  ><img loading=\"lazy\" decoding=\"async\" width=\"120\" height=\"114\" src=\"https:\/\/sei.gov.cz\/wp-content\/uploads\/Doc-Search.svg\" class=\"attachment-post-thumbnail size-post-thumbnail wp-post-image\" alt=\"Projekt EEPLIANT3 Concerted Action\" style=\"object-fit:cover;\" \/><\/a><\/figure><\/div>\n\n\n\n<div class=\"wp-block-column is-layout-flow wp-block-column-is-layout-flow\" style=\"flex-basis:80%\"><h2 class=\"wp-block-post-title\"><a href=\"https:\/\/sei.gov.cz\/?p=9042\" target=\"_self\" >Projekt EEPLIANT3 Concerted Action<\/a><\/h2>\n\n<div class=\"wp-block-post-date\"><time datetime=\"2023-12-07T14:03:00+01:00\">7. prosince 2023<\/time><\/div>\n\n<div class=\"wp-block-post-excerpt\"><p class=\"wp-block-post-excerpt__excerpt\">EEPLIANT3_3rd Newsletter_v4_CZ_7_12_23 <\/p><\/div><\/div>\n<\/div>\n\n<\/li><li class=\"wp-block-post post-9022 post type-post status-publish format-standard has-post-thumbnail hentry category-archiv-uredni_deska category-ekodesign latest_post\">\n\n<div class=\"wp-block-columns alignwide is-layout-flex wp-container-core-columns-is-layout-9d6595d7 wp-block-columns-is-layout-flex\">\n<div class=\"wp-block-column is-layout-flow wp-block-column-is-layout-flow\" style=\"flex-basis:20%\"><figure class=\"wp-block-post-featured-image\"><a href=\"https:\/\/sei.gov.cz\/?p=9022\" target=\"_self\"  ><img loading=\"lazy\" decoding=\"async\" width=\"120\" height=\"114\" src=\"https:\/\/sei.gov.cz\/wp-content\/uploads\/Doc-Search.svg\" class=\"attachment-post-thumbnail size-post-thumbnail wp-post-image\" alt=\"Zm\u011bny ve sv\u011bteln\u00e9 technice pro rok 2023\" style=\"object-fit:cover;\" \/><\/a><\/figure><\/div>\n\n\n\n<div class=\"wp-block-column is-layout-flow wp-block-column-is-layout-flow\" style=\"flex-basis:80%\"><h2 class=\"wp-block-post-title\"><a href=\"https:\/\/sei.gov.cz\/?p=9022\" target=\"_self\" >Zm\u011bny ve sv\u011bteln\u00e9 technice pro rok 2023<\/a><\/h2>\n\n<div class=\"wp-block-post-date\"><time datetime=\"2023-08-07T13:56:11+01:00\">7. srpna 2023<\/time><\/div>\n\n<div class=\"wp-block-post-excerpt\"><p class=\"wp-block-post-excerpt__excerpt\">Zm\u011bny ve sv\u011bteln\u00e9 technice pro rok 2023 &nbsp; <\/p><\/div><\/div>\n<\/div>\n\n<\/li><\/ul><\/div>\n","protected":false},"excerpt":{"rendered":"<p>Energetick\u00fd \u0161t\u00edtek Energetick\u00fdm \u0161t\u00edtkem se ozna\u010duj\u00ed vybran\u00e9 spot\u0159ebi\u010de, kter\u00e9 spot\u0159ebov\u00e1vaj\u00ed elektrickou energii. Skupina spot\u0159ebi\u010d\u016f podl\u00e9haj\u00edc\u00edch energetick\u00e9mu \u0161t\u00edtkov\u00e1n\u00ed se st\u00e1le rozr\u016fst\u00e1. Povinn\u00e9 spot\u0159ebi\u010de ur\u010duje evropsk\u00e1 Komise podle toho, jak v\u00fdznamnou spot\u0159ebu a tedy dopad do \u017eivotn\u00edho prost\u0159ed\u00ed maj\u00ed. Ka\u017ed\u00fd elektrick\u00fd spot\u0159ebi\u010d spot\u0159ebov\u00e1v\u00e1 na sv\u016fj provoz jin\u00e9 mno\u017estv\u00ed elekt\u0159iny a pr\u00e1v\u011b tento \u00fadaj je ten nejz\u00e1sadn\u011bj\u0161\u00ed, kter\u00fd &hellip; <\/p>\n","protected":false},"author":21,"featured_media":0,"parent":0,"menu_order":0,"comment_status":"closed","ping_status":"closed","template":"","meta":{"footnotes":""},"class_list":["post-9545","page","type-page","status-publish","hentry","latest_post"],"_links":{"self":[{"href":"https:\/\/sei.gov.cz\/index.php?rest_route=\/wp\/v2\/pages\/9545","targetHints":{"allow":["GET"]}}],"collection":[{"href":"https:\/\/sei.gov.cz\/index.php?rest_route=\/wp\/v2\/pages"}],"about":[{"href":"https:\/\/sei.gov.cz\/index.php?rest_route=\/wp\/v2\/types\/page"}],"author":[{"embeddable":true,"href":"https:\/\/sei.gov.cz\/index.php?rest_route=\/wp\/v2\/users\/21"}],"replies":[{"embeddable":true,"href":"https:\/\/sei.gov.cz\/index.php?rest_route=%2Fwp%2Fv2%2Fcomments&post=9545"}],"version-history":[{"count":7,"href":"https:\/\/sei.gov.cz\/index.php?rest_route=\/wp\/v2\/pages\/9545\/revisions"}],"predecessor-version":[{"id":9588,"href":"https:\/\/sei.gov.cz\/index.php?rest_route=\/wp\/v2\/pages\/9545\/revisions\/9588"}],"wp:attachment":[{"href":"https:\/\/sei.gov.cz\/index.php?rest_route=%2Fwp%2Fv2%2Fmedia&parent=9545"}],"curies":[{"name":"wp","href":"https:\/\/api.w.org\/{rel}","templated":true}]}}